{"id":392,"date":"2023-10-01T07:18:33","date_gmt":"2023-10-01T07:18:33","guid":{"rendered":"http:\/\/xn--grler-hra.ruhr\/?page_id=392"},"modified":"2025-03-21T14:20:03","modified_gmt":"2025-03-21T14:20:03","slug":"jobs","status":"publish","type":"page","link":"http:\/\/xn--grler-hra.ruhr\/?page_id=392","title":{"rendered":"Jobs"},"content":{"rendered":"\n<p>Als inhabergef\u00fchrtes Unternehmen in dritter Generation f\u00fchlen wir uns den Werten der Familie und den Traditionen des B\u00e4ckerhandwerks verpflichtet. Beides spiegelt sich in der positiven Arbeitsatmosph\u00e4re wieder, die in unserer Backstube und unseren Verkaufsstellen herrscht. Damit sind wir in der Lage, unseren Kunden seit mehr als 90 Jahren h\u00f6chste Qualit\u00e4t und Frische zu bieten.<\/p>\n\n\n\n<h3 class=\"wp-block-heading\">Aushilfe (m\/w\/d) f\u00fcr den Verkauf gesucht!<\/h3>\n\n\n\n<p>Wir suchen f\u00fcr das Wochenende und bei Bedarf als Springer unter der Woche eine flexible Unterst\u00fctzung.<br>Vorkenntnisse w\u00e4ren von Vorteil. Bitte direkt bei uns im Gesch\u00e4ft melden!<\/p>\n\n\n\n<h4 class=\"wp-block-heading\">Kontakt<\/h4>\n\n\n\n<p>Bei Interesse an der ausgeschriebenen Stelle senden Sie uns Ihre aussagekr\u00e4ftigen Bewerbungsunterlagen per E-Mail an <a href=\"mailto:info@cafe-ruhrblick.ruhr\">info@cafe-ruhrblick.ruhr<\/a>, kontaktieren Sie uns telefonisch unter 0173\/2315309 oder besuchen Sie uns im Gesch\u00e4ft.<\/p>\n\n\n\n<p>________________________________________________________________________________________________________________<\/p>\n\n\n\n<h3 class=\"wp-block-heading\">B\u00e4cker (m\/w\/d) gesucht!<\/h3>\n\n\n\n<p>Wir suchen ab sofort einen B\u00e4cker (m\/w\/d), der uns in unserer Backstube an der \u00dcberruhrstra\u00dfe 465 tatkr\u00e4ftig unterst\u00fctzt.<\/p>\n\n\n\n<h4 class=\"wp-block-heading\">Wir bieten:<\/h4>\n\n\n\n<ul class=\"wp-block-list\">\n<li>5-Tage-Woche<\/li>\n\n\n\n<li>\u00dcbertarifliche Verg\u00fctung<\/li>\n\n\n\n<li>Unbefristeter Arbeitsvertrag<\/li>\n\n\n\n<li>Schichtbeginn 02:00 Uhr<\/li>\n\n\n\n<li>Mehr als 90 Jahre Erfahrung im B\u00e4ckerhandwerk<\/li>\n\n\n\n<li>Langj\u00e4hriges, eingespieltes Team<\/li>\n\n\n\n<li>Famili\u00e4re Arbeitsatmosph\u00e4re<\/li>\n<\/ul>\n\n\n\n<h4 class=\"wp-block-heading\">Sie bringen mit:<\/h4>\n\n\n\n<ul class=\"wp-block-list\">\n<li>Abgeschlossene Berufsausbildung zum B\u00e4cker oder Konditor<\/li>\n\n\n\n<li>Leidenschaft f\u00fcr das B\u00e4ckerhandwerk<\/li>\n\n\n\n<li>P\u00fcnktlichkeit<\/li>\n\n\n\n<li>Zuverl\u00e4ssigkeit<\/li>\n<\/ul>\n\n\n\n<h4 class=\"wp-block-heading\">Kontakt<\/h4>\n\n\n\n<p>Bei Interesse an einer Ausbildung zum B\u00e4cker\/Konditor (m\/w\/d) senden Sie uns Ihre aussagekr\u00e4ftigen Bewerbungsunterlagen per E-Mail an <a href=\"mailto:info@cafe-ruhrblick.ruhr\">info@cafe-ruhrblick.ruhr<\/a> oder kontaktieren Sie uns telefonisch unter 0173\/2315309.<\/p>\n\n\n\n<figure class=\"wp-block-image size-full\"><img loading=\"lazy\" decoding=\"async\" width=\"768\" height=\"513\" src=\"http:\/\/xn--grler-hra.ruhr\/wp-content\/uploads\/2019\/09\/cropped-unbenannte-Fotosession-6877.jpg\" alt=\"\" class=\"wp-image-178\" srcset=\"http:\/\/xn--grler-hra.ruhr\/wp-content\/uploads\/2019\/09\/cropped-unbenannte-Fotosession-6877.jpg 768w, http:\/\/xn--grler-hra.ruhr\/wp-content\/uploads\/2019\/09\/cropped-unbenannte-Fotosession-6877-300x200.jpg 300w\" sizes=\"auto, (max-width: 768px) 100vw, 768px\" \/><\/figure>\n\n\n\n<h3 class=\"wp-block-heading\">J\u00e4hrliche B\u00e4ckerlehre<\/h3>\n\n\n\n<p>Wir sind uns unserer Verantwortung f\u00fcr das B\u00e4ckerhandwerk und den beruflichen Nachwuchs bewusst. Daher bieten wir j\u00e4hrlich mindestens einen Ausbildungsplatz zum B\u00e4cker\/Konditor (m\/w\/d) an.<\/p>\n\n\n\n<h4 class=\"wp-block-heading\">Wir bieten:<\/h4>\n\n\n\n<ul class=\"wp-block-list\">\n<li>Ausbildungsbeginn 01.08. eines jeden Jahres<\/li>\n\n\n\n<li>\u00dcbertarifliche Verg\u00fctung<\/li>\n\n\n\n<li>Famili\u00e4re Arbeitsatmosph\u00e4re<\/li>\n\n\n\n<li>Mehr als 90 Jahre Erfahrung im B\u00e4ckerhandwerk<\/li>\n\n\n\n<li>Arbeitsbeginn in den Morgenstunden, nicht am Vorabend<\/li>\n<\/ul>\n\n\n\n<h4 class=\"wp-block-heading\">Sie bringen mit:<\/h4>\n\n\n\n<ul class=\"wp-block-list\">\n<li>Zuverl\u00e4ssigkeit<\/li>\n\n\n\n<li>P\u00fcnktlichkeit<\/li>\n\n\n\n<li>Freude am Handwerk<\/li>\n<\/ul>\n\n\n\n<h4 class=\"wp-block-heading\">Kontakt<\/h4>\n\n\n\n<p>Bei Interesse an einer Ausbildung zum B\u00e4cker\/Konditor (m\/w\/d) senden Sie uns Ihre aussagekr\u00e4ftigen Bewerbungsunterlagen per E-Mail an <a href=\"mailto:info@cafe-ruhrblick.ruhr\">info@cafe-ruhrblick.ruhr<\/a> oder kontaktieren Sie uns telefonisch unter 0173\/2315309.<\/p>\n","protected":false},"excerpt":{"rendered":"<div class=\"entry-summary\">\nAls inhabergef\u00fchrtes Unternehmen in dritter Generation f\u00fchlen wir uns den Werten der&hellip;\n<\/div>\n<div class=\"link-more\"><a href=\"http:\/\/xn--grler-hra.ruhr\/?page_id=392\" class=\"more-link\">Continue reading<span class=\"screen-reader-text\"> &ldquo;Jobs&rdquo;<\/span>&hellip;<\/a><\/div>\n","protected":false},"author":1,"featured_media":0,"parent":0,"menu_order":0,"comment_status":"closed","ping_status":"closed","template":"","meta":{"_monsterinsights_skip_tracking":false,"_monsterinsights_sitenote_active":false,"_monsterinsights_sitenote_note":"","_monsterinsights_sitenote_category":0,"footnotes":""},"class_list":["post-392","page","type-page","status-publish","hentry","entry"],"_links":{"self":[{"href":"http:\/\/xn--grler-hra.ruhr\/index.php?rest_route=\/wp\/v2\/pages\/392","targetHints":{"allow":["GET"]}}],"collection":[{"href":"http:\/\/xn--grler-hra.ruhr\/index.php?rest_route=\/wp\/v2\/pages"}],"about":[{"href":"http:\/\/xn--grler-hra.ruhr\/index.php?rest_route=\/wp\/v2\/types\/page"}],"author":[{"embeddable":true,"href":"http:\/\/xn--grler-hra.ruhr\/index.php?rest_route=\/wp\/v2\/users\/1"}],"replies":[{"embeddable":true,"href":"http:\/\/xn--grler-hra.ruhr\/index.php?rest_route=%2Fwp%2Fv2%2Fcomments&post=392"}],"version-history":[{"count":7,"href":"http:\/\/xn--grler-hra.ruhr\/index.php?rest_route=\/wp\/v2\/pages\/392\/revisions"}],"predecessor-version":[{"id":416,"href":"http:\/\/xn--grler-hra.ruhr\/index.php?rest_route=\/wp\/v2\/pages\/392\/revisions\/416"}],"wp:attachment":[{"href":"http:\/\/xn--grler-hra.ruhr\/index.php?rest_route=%2Fwp%2Fv2%2Fmedia&parent=392"}],"curies":[{"name":"wp","href":"https:\/\/api.w.org\/{rel}","templated":true}]}}